{"id":991,"date":"2015-04-13T17:37:18","date_gmt":"2015-04-13T17:37:18","guid":{"rendered":"http:\/\/www.wynajem-autokarow.com\/?page_id=991"},"modified":"2020-03-05T11:33:13","modified_gmt":"2020-03-05T11:33:13","slug":"top-travel-wynajem-autokarow-warszawa-3","status":"publish","type":"page","link":"https:\/\/wynajem-autokarow.com\/fr\/","title":{"rendered":"TOP TRAVEL &#8211; location d&rsquo;autocars"},"content":{"rendered":"<div id='layer_slider_1'  class='avia-layerslider main_color avia-shadow  avia-builder-el-0  el_before_av_section  avia-builder-el-first  container_wrap sidebar_right'  style='height: 471px;'  ><\/div>\n<div id='av_section_1'  class='avia-section av-auu4on-98587e409bcd2293a9825205ef502675 footer_color avia-section-default avia-no-shadow  avia-builder-el-1  el_after_av_layerslider  el_before_av_one_half  avia-bg-style-scroll container_wrap sidebar_right'  ><div class='container av-section-cont-open' ><div class='template-page content  av-content-small alpha units'><div class='post-entry post-entry-type-page post-entry-991'><div class='entry-content-wrapper clearfix'>\n\n<style type=\"text\/css\" data-created_by=\"avia_inline_auto\" id=\"style-css-av-apucgn-15223719e851f57659097f43ebe8a1ad\">\n#top .hr.hr-invisible.av-apucgn-15223719e851f57659097f43ebe8a1ad{\nmargin-top:-40px;\nheight:1px;\n}\n<\/style>\n<div  class='hr av-apucgn-15223719e851f57659097f43ebe8a1ad hr-invisible  avia-builder-el-2  el_before_av_textblock  avia-builder-el-first '><span class='hr-inner '><span class=\"hr-inner-style\"><\/span><\/span><\/div>\n<section  class='av_textblock_section av-ai9ywn-bccb7e604e692149eb561331bd1de263 '   itemscope=\"itemscope\" itemtype=\"https:\/\/schema.org\/CreativeWork\" ><div class='avia_textblock'  itemprop=\"text\" ><p style=\"text-align: center; text-transform: uppercase; font-size: 22px;\"><strong>Notre autocars<\/strong><\/p>\n<\/div><\/section>\n<div  id=\"av-sc-portfolio-1\"  class=' grid-sort-container isotope   no_margin-container with-excerpt-container grid-total-even grid-col-2 grid-links-' data-portfolio-id='1'><div data-ajax-id='1751' class=' grid-entry flex_column isotope-item all_sort no_margin post-entry post-entry-1751 grid-entry-overview grid-loop-1 grid-parity-odd  mercedes-fr_sort  av_one_half first default_av_fullwidth '><article class='main_color inner-entry'  itemscope=\"itemscope\" itemtype=\"https:\/\/schema.org\/CreativeWork\" ><a href=\"https:\/\/wynajem-autokarow.com\/fr\/flota\/mercedes\/\" title='MERCEDES'  data-rel='grid-1' class='grid-image avia-hover-fx'> <img decoding=\"async\" fetchpriority=\"high\" width=\"428\" height=\"305\" src=\"https:\/\/wynajem-autokarow.com\/wp-content\/uploads\/2015\/03\/Autokar-Mercedes-Starsz.jpg\" class=\"wp-image-3059 avia-img-lazy-loading-not-3059 attachment-portfolio size-portfolio wp-post-image\" alt=\"\" srcset=\"https:\/\/wynajem-autokarow.com\/wp-content\/uploads\/2015\/03\/Autokar-Mercedes-Starsz.jpg 428w, https:\/\/wynajem-autokarow.com\/wp-content\/uploads\/2015\/03\/Autokar-Mercedes-Starsz-300x214.jpg 300w, https:\/\/wynajem-autokarow.com\/wp-content\/uploads\/2015\/03\/Autokar-Mercedes-Starsz-260x185.jpg 260w\" sizes=\"(max-width: 428px) 100vw, 428px\" \/><\/a><div class='grid-content'><div class='avia-arrow'><\/div><header class=\"entry-content-header\" aria-label=\"Portfolio : MERCEDES\"><h3 class='grid-entry-title entry-title '  itemprop=\"headline\" ><a href='https:\/\/wynajem-autokarow.com\/fr\/flota\/mercedes\/' title='MERCEDES'>MERCEDES<\/a><\/h3><\/header><div class='grid-entry-excerpt entry-content'  itemprop=\"text\" >Autocars 5<\/br>\r\nPlaces: 49+3 ou 52+1<\/div><\/div><footer class=\"entry-footer\"><\/footer><\/article><\/div><div data-ajax-id='1753' class=' grid-entry flex_column isotope-item all_sort no_margin post-entry post-entry-1753 grid-entry-overview grid-loop-2 grid-parity-even  post-entry-last  vdl-fr_sort  av_one_half  default_av_fullwidth '><article class='main_color inner-entry'  itemscope=\"itemscope\" itemtype=\"https:\/\/schema.org\/CreativeWork\" ><a href=\"https:\/\/wynajem-autokarow.com\/fr\/flota\/vdl-new-futura\/\" title='VDL New Futura'  data-rel='grid-1' class='grid-image avia-hover-fx'> <img decoding=\"async\" fetchpriority=\"high\" width=\"399\" height=\"284\" src=\"https:\/\/wynajem-autokarow.com\/wp-content\/uploads\/2015\/03\/VDL2.png\" class=\"wp-image-1513 avia-img-lazy-loading-not-1513 attachment-portfolio size-portfolio wp-post-image\" alt=\"transferts aeroports de varsovie\" srcset=\"https:\/\/wynajem-autokarow.com\/wp-content\/uploads\/2015\/03\/VDL2.png 399w, https:\/\/wynajem-autokarow.com\/wp-content\/uploads\/2015\/03\/VDL2-300x214.png 300w, https:\/\/wynajem-autokarow.com\/wp-content\/uploads\/2015\/03\/VDL2-260x185.png 260w\" sizes=\"(max-width: 399px) 100vw, 399px\" \/><\/a><div class='grid-content'><div class='avia-arrow'><\/div><header class=\"entry-content-header\" aria-label=\"Portfolio : VDL New Futura\"><h3 class='grid-entry-title entry-title '  itemprop=\"headline\" ><a href='https:\/\/wynajem-autokarow.com\/fr\/flota\/vdl-new-futura\/' title='VDL New Futura'>VDL New Futura<\/a><\/h3><\/header><div class='grid-entry-excerpt entry-content'  itemprop=\"text\" >Autocars 5<\/br>\nPlaces 57+2<\/div><\/div><footer class=\"entry-footer\"><\/footer><\/article><\/div><\/div>\n<\/div><\/div><\/div><!-- close content main div --><\/div><\/div><div id='after_section_1'  class='main_color av_default_container_wrap container_wrap sidebar_right'  ><div class='container av-section-cont-open' ><div class='template-page content  av-content-small alpha units'><div class='post-entry post-entry-type-page post-entry-991'><div class='entry-content-wrapper clearfix'><div  class='flex_column av-a4t3nr-063abcaa6822ee0fd590a118e89f26c8 av_one_half  avia-builder-el-5  el_after_av_section  el_before_av_one_half  avia-builder-el-first  first flex_column_div  '     ><p>\n<style type=\"text\/css\" data-created_by=\"avia_inline_auto\" id=\"style-css-av-a13xof-b03efb85f2f4a40e56cc08f618fba2af\">\n.iconbox.av-a13xof-b03efb85f2f4a40e56cc08f618fba2af .iconbox_icon{\nborder:1px solid #719430;\n}\n<\/style>\n<article  class='iconbox iconbox_left av-a13xof-b03efb85f2f4a40e56cc08f618fba2af  avia-builder-el-6  el_before_av_icon_box  avia-builder-el-first '  itemscope=\"itemscope\" itemtype=\"https:\/\/schema.org\/CreativeWork\" ><div class=\"iconbox_content\"><header class=\"entry-content-header\" aria-label=\"Ic\u00f4ne : QUI SOMMES-NOUS\"><div class='iconbox_icon heading-color avia-iconfont avia-font-entypo-fontello' data-av_icon='\ue80b' data-av_iconfont='entypo-fontello'  ><\/div><h3 class='iconbox_content_title '  itemprop=\"headline\" >QUI SOMMES-NOUS<\/h3><\/header><div class='iconbox_content_container '  itemprop=\"text\" ><p>TOP TRAVEL est un professionnel du transport de personnes.<\/p>\n<p>Nous op\u00e9rons depuis 1997 en r\u00e9alisant nos prestations en Pologne et en Europe.<\/p>\n<p>Lors de la location des autocars, nous tenons \u00e0 garantir&nbsp;:<\/p>\n<ul>\n<li><strong><a href=\"#nazwa1\">le confort <\/a><\/strong>des voyageurs<\/li>\n<li><strong><a href=\"#nazwa2\">la s\u00e9curit\u00e9 <\/a><\/strong>de nos passagers<\/li>\n<li><strong><a href=\"#nazwa3\">lune approche individuelle<\/a><\/strong> \u00e0 chaque client<\/li>\n<\/ul>\n<\/div><\/div><footer class=\"entry-footer\"><\/footer><\/article><br \/>\n<article  class='iconbox iconbox_left av-9u1cjz-daa6c92c26d3df03f21173540ecf17b3  avia-builder-el-7  el_after_av_icon_box  avia-builder-el-last '  itemscope=\"itemscope\" itemtype=\"https:\/\/schema.org\/CreativeWork\" ><div class=\"iconbox_content\"><header class=\"entry-content-header\" aria-label=\"Ic\u00f4ne : OU OPERONS-NOUS\"><div class='iconbox_icon heading-color avia-iconfont avia-font-entypo-fontello' data-av_icon='\ue8b1' data-av_iconfont='entypo-fontello'  ><\/div><h3 class='iconbox_content_title '  itemprop=\"headline\" >OU OPERONS-NOUS<\/h3><\/header><div class='iconbox_content_container '  itemprop=\"text\" ><p>Bas\u00e9s \u00e0 Varsovie, nous sommes capables de mettre nos autocars \u00e0 votre disposition \u00e0 tout endroit en Pologne et en Europe. Nous nous d\u00e9pla\u00e7ons vers tous les pays europ\u00e9ens.<\/p>\n<\/div><\/div><footer class=\"entry-footer\"><\/footer><\/article><\/p><\/div><\/p>\n\n<style type=\"text\/css\" data-created_by=\"avia_inline_auto\" id=\"style-css-av-9onnk7-c4b7f047c57f0e2b1a342d5962bbe0a9\">\n.flex_column.av-9onnk7-c4b7f047c57f0e2b1a342d5962bbe0a9{\nborder-radius:0px 0px 0px 0px;\npadding:0px 0px 0px 0px;\n}\n<\/style>\n<div  class='flex_column av-9onnk7-c4b7f047c57f0e2b1a342d5962bbe0a9 av_one_half  avia-builder-el-8  el_after_av_one_half  el_before_av_section  avia-builder-el-last  flex_column_div av-zero-column-padding  '     ><article  class='iconbox iconbox_left av-9hnbgf-89cc0cd38a7091cb3746a7c1aea628b3  avia-builder-el-9  avia-builder-el-no-sibling '  itemscope=\"itemscope\" itemtype=\"https:\/\/schema.org\/CreativeWork\" ><div class=\"iconbox_content\"><header class=\"entry-content-header\" aria-label=\"Ic\u00f4ne : NOS PRESTATIONS\"><div class='iconbox_icon heading-color avia-iconfont avia-font-entypo-fontello' data-av_icon='\ue8bc' data-av_iconfont='entypo-fontello'  ><\/div><h3 class='iconbox_content_title '  itemprop=\"headline\" >NOS PRESTATIONS<\/h3><\/header><div class='iconbox_content_container '  itemprop=\"text\" ><p>TOP TRAVEL \u2013 Transports en autocars Varsovie Pologne Europe<br \/>\nNous fournissons une gamme de services compl\u00e8te. Notre offre comprend :<br \/>\n\u2022\ttransferts de et vers l\u2019a\u00e9roport<br \/>\n\u2022\tvoyages tourisme brefs et de quelques jours<br \/>\n\u2022\tvoyages d\u2019entreprise<br \/>\n\u2022\tvoyages de team building<br \/>\n\u2022\tvoyages scolaires<br \/>\n\u2022\tvoyages de ski<br \/>\n\u2022\ttransport lors de l\u2019organisation des concerts<br \/>\n\u2022\t\u00e9v\u00e9nements tels que mariages, etc.<\/p>\n<\/div><\/div><footer class=\"entry-footer\"><\/footer><\/article><\/div>\n<\/div><\/div><\/div><!-- close content main div --><\/div><\/div>\n<style type=\"text\/css\" data-created_by=\"avia_inline_auto\" id=\"style-css-av-9bkxkn-4c8e1dc2b78e684577995341ab406dfd\">\n.avia-section.av-9bkxkn-4c8e1dc2b78e684577995341ab406dfd{\nbackground-color:#0a0a0a;\nbackground-image:unset;\n}\n<\/style>\n<div id='av_section_2'  class='avia-section av-9bkxkn-4c8e1dc2b78e684577995341ab406dfd socket_color avia-section-no-padding avia-no-shadow  avia-builder-el-10  el_after_av_one_half  el_before_av_slideshow_full  avia-bg-style-scroll container_wrap sidebar_right'  ><div class='container av-section-cont-open' ><div class='template-page content  av-content-small alpha units'><div class='post-entry post-entry-type-page post-entry-991'><div class='entry-content-wrapper clearfix'>\n\n<style type=\"text\/css\" data-created_by=\"avia_inline_auto\" id=\"style-css-av-99b6o7-9f8d616521204826f00bae7d6a6786d4\">\n#top .hr.hr-invisible.av-99b6o7-9f8d616521204826f00bae7d6a6786d4{\nheight:10px;\n}\n<\/style>\n<div  class='hr av-99b6o7-9f8d616521204826f00bae7d6a6786d4 hr-invisible  avia-builder-el-11  el_before_av_one_third  avia-builder-el-first '><span class='hr-inner '><span class=\"hr-inner-style\"><\/span><\/span><\/div>\n<div  class='flex_column av-90n76v-bd0670718056bd24ef4fa3581ef00480 av_one_third  avia-builder-el-12  el_after_av_hr  el_before_av_one_third  first flex_column_div  '     ><\/div><div  class='flex_column av-8v78en-1cf087cf625369a0cad1711df5d8ab8f av_one_third  avia-builder-el-13  el_after_av_one_third  el_before_av_one_third  flex_column_div  '     ><section  class='av_textblock_section av-8ri5if-107d9d852927b969e879dbcbeaab4122 '   itemscope=\"itemscope\" itemtype=\"https:\/\/schema.org\/CreativeWork\" ><div class='avia_textblock'  itemprop=\"text\" ><p style=\"text-transform: uppercase; font-size: 22px; text-align: center;\"><strong>Ils nous ont fait confiance<\/strong><\/p>\n<\/div><\/section><\/div><div  class='flex_column av-8klniv-7d15f6c8b882fdef2988fbc52130dbc4 av_one_third  avia-builder-el-15  el_after_av_one_third  el_before_av_image  flex_column_div  '     ><\/div>\n<style type=\"text\/css\" data-created_by=\"avia_inline_auto\" id=\"style-css-av-8dww33-8da83ba599c68eff86fa06aa3b93ac4b\">\n.avia-image-container.av-8dww33-8da83ba599c68eff86fa06aa3b93ac4b img.avia_image{\nbox-shadow:none;\n}\n.avia-image-container.av-8dww33-8da83ba599c68eff86fa06aa3b93ac4b .av-image-caption-overlay-center{\ncolor:#ffffff;\n}\n<\/style>\n<div  class='avia-image-container av-8dww33-8da83ba599c68eff86fa06aa3b93ac4b av-styling- avia-align-center  avia-builder-el-16  el_after_av_one_third  el_before_av_textblock '   itemprop=\"image\" itemscope=\"itemscope\" itemtype=\"https:\/\/schema.org\/ImageObject\" ><div class=\"avia-image-container-inner\"><div class=\"avia-image-overlay-wrap\"><img fetchpriority=\"high\" class='wp-image-1729 avia-img-lazy-loading-not-1729 avia_image ' src='https:\/\/wynajem-autokarow.com\/wp-content\/uploads\/2015\/03\/TOP-TRAVEL-Autokary-Klienci.jpg' alt='' title='TOP-TRAVEL-Autokary-Klienci'  height=\"321\" width=\"1600\"  itemprop=\"thumbnailUrl\"  \/><\/div><\/div><\/div>\n<section  class='av_textblock_section av-885y8n-f85067174d2a276b11cb9f5d059a0cc5 '   itemscope=\"itemscope\" itemtype=\"https:\/\/schema.org\/CreativeWork\" ><div class='avia_textblock'  itemprop=\"text\" ><p style=\"text-align: center;\">et beaucoup d\u2019autres entreprises et personnes<\/p>\n<\/div><\/section>\n\n<\/div><\/div><\/div><!-- close content main div --><\/div><\/div><div id='full_slider_1'  class='avia-fullwidth-slider main_color avia-shadow   avia-builder-el-18  el_after_av_section  el_before_av_textblock   slider-not-first container_wrap sidebar_right'  ><div  class='avia-slideshow av-t2upz-273a7eb1e8815b3ef9f0acfa5c801c9f avia-slideshow-no scaling av_slideshow_full avia-slide-slider av-slideshow-ui av-control-default av-slideshow-manual av-loop-once av-loop-manual-endless av-default-height-applied   avia-slideshow-1' data-slideshow-options=\"{&quot;animation&quot;:&quot;slide&quot;,&quot;autoplay&quot;:false,&quot;loop_autoplay&quot;:&quot;once&quot;,&quot;interval&quot;:5,&quot;loop_manual&quot;:&quot;manual-endless&quot;,&quot;autoplay_stopper&quot;:false,&quot;noNavigation&quot;:false,&quot;bg_slider&quot;:false,&quot;keep_padding&quot;:false,&quot;hoverpause&quot;:false,&quot;show_slide_delay&quot;:0}\"  itemprop=\"image\" itemscope=\"itemscope\" itemtype=\"https:\/\/schema.org\/ImageObject\" ><ul class='avia-slideshow-inner ' style='padding-bottom: 33.625%;'><li  class='avia-slideshow-slide av-t2upz-273a7eb1e8815b3ef9f0acfa5c801c9f__0  av-single-slide slide-1 slide-odd'><div data-rel='slideshow-1' class='avia-slide-wrap '   ><img fetchpriority=\"high\" class=\"wp-image-1525 avia-img-lazy-loading-not-1525\"  src='https:\/\/wynajem-autokarow.com\/wp-content\/uploads\/2015\/03\/Autokary-Warszawa-TOPTRAVEL1.jpg' width='1600' height='538' title='TOPTRAVEL Wynajem luksusowych autokar\u00f3w Warszawa Polska Europa' alt=''  itemprop=\"thumbnailUrl\"   \/><\/div><\/li><\/ul><\/div><\/div><div id='after_full_slider_1'  class='main_color av_default_container_wrap container_wrap sidebar_right'  ><div class='container av-section-cont-open' ><div class='template-page content  av-content-small alpha units'><div class='post-entry post-entry-type-page post-entry-991'><div class='entry-content-wrapper clearfix'>\n<section  class='av_textblock_section av-7pu88n-094ece432d65e3e70e591f4f10a389fb '   itemscope=\"itemscope\" itemtype=\"https:\/\/schema.org\/CreativeWork\" ><div class='avia_textblock'  itemprop=\"text\" ><h2 style=\"text-align: center;\">TOP TRAVEL \u2013 LOCATION D\u2019AUTOCARS POLOGNE VARSOVIE<\/h2>\n<\/div><\/section>\n<div  class='flex_column av-7hom0v-ab721ef20d80edd499149f07515da35a av_one_half  avia-builder-el-20  el_after_av_textblock  el_before_av_one_half  first flex_column_div  column-top-margin'     ><section  class='av_textblock_section av-7attrj-651699ce8efde9abc517f3623033be17 '   itemscope=\"itemscope\" itemtype=\"https:\/\/schema.org\/CreativeWork\" ><div class='avia_textblock'  itemprop=\"text\" ><p><span id=\"nazwa1\" style=\"text-align: left; text-transform: uppercase; font-size: 22px; color: #719430;\">Confort<\/span><\/p>\n<p>Nos autocars&nbsp;: MERCEDES Tourismo, VDL New Futura, sont des v\u00e9hicules du haut de gamme.<\/p>\n<p>Tous nos autocars sont \u00e9quip\u00e9s en&nbsp;:<\/p>\n<ul>\n<li>fauteuils inclinables assurant un grand confort<\/li>\n<li>climatisation<\/li>\n<li>toilettes<\/li>\n<li>bar et frigo<\/li>\n<li>\u00e9quipements audio et vid\u00e9o<\/li>\n<li>navigation GPS<\/li>\n<\/ul>\n<\/div><\/section><\/div>\n\n<style type=\"text\/css\" data-created_by=\"avia_inline_auto\" id=\"style-css-av-79qin3-a29b4ffb7314ff9d3032b42bca3963a1\">\n.flex_column.av-79qin3-a29b4ffb7314ff9d3032b42bca3963a1{\nborder-radius:0px 0px 0px 0px;\npadding:0px 0px 0px 0px;\n}\n<\/style>\n<div  class='flex_column av-79qin3-a29b4ffb7314ff9d3032b42bca3963a1 av_one_half  avia-builder-el-22  el_after_av_one_half  el_before_av_one_half  flex_column_div av-zero-column-padding  column-top-margin'     ><section  class='av_textblock_section av-6yu3br-11300f16e2dc89c64b346f3fff2209a9 '   itemscope=\"itemscope\" itemtype=\"https:\/\/schema.org\/CreativeWork\" ><div class='avia_textblock'  itemprop=\"text\" ><p><span id=\"nazwa2\" style=\"text-align: left; text-transform: uppercase; font-size: 22px; color: #719430;\">Securite<\/span><br \/>\n\u2022 nous disposons d\u2019une flotte des autocars modernes provenant des producteurs reconnus. Nos autocars sont \u00e9quip\u00e9s de tous les syst\u00e8mes renfor\u00e7ant la s\u00e9curit\u00e9.<br \/>\n\u2022 nous proc\u00e9dons \u00e0 des contr\u00f4les r\u00e9guliers de nos v\u00e9hicules<br \/>\n\u2022 nous employons uniquement des chauffeurs exp\u00e9riment\u00e9s<br \/>\n\u2022 nous observons les dispositions de la loi sur la circulation routi\u00e8re, en particulier celles qui concernent les limitations de vitesse et la dur\u00e9e du travail des chauffeurs<br \/>\n\u2022 nous vous aiderons \u00e0 \u00e9tablir une planification professionnelle de votre voyage, conform\u00e9ment aux dispositions sur la circulation routi\u00e8re en Pologne et en Europe<\/p>\n<\/div><\/section><\/div>\n<div  class='flex_column av-oqr4f-e7b678c8fc2addf0e5f2fcc2450591ad av_one_half  avia-builder-el-24  el_after_av_one_half  el_before_av_one_half  first flex_column_div  column-top-margin'     ><section  class='av_textblock_section av-6pbh7z-67e88795ff7bb830ec4a76cec5f27d1e '   itemscope=\"itemscope\" itemtype=\"https:\/\/schema.org\/CreativeWork\" ><div class='avia_textblock'  itemprop=\"text\" ><p><span id=\"nazwa3\" style=\"text-align: left; text-transform: uppercase; font-size: 22px; color: #719430;\">Approach individuelle<\/span><br \/>\nTOP TRAVEL \u2013 Location d\u2019autocars Varsovie Pologne Europe fait partie de l\u2019agence de voyages TOP TRAVEL dont la vocation est de r\u00e9pondre aux exigences \u00e9lev\u00e9es des clients professionnels et individuels.<br \/>\nNotre personnel tient \u00e0 r\u00e9aliser des besoins individuels de chacun de nos clients ce qui s\u2019inscrit dans la culture de notre organisation.<\/p>\n<\/div><\/section><\/div>\n\n<style type=\"text\/css\" data-created_by=\"avia_inline_auto\" id=\"style-css-av-nc5d3-c97ff0dadb7fb1ebea52a6c9938c10d3\">\n.flex_column.av-nc5d3-c97ff0dadb7fb1ebea52a6c9938c10d3{\nborder-radius:0px 0px 0px 0px;\npadding:0px 0px 0px 0px;\n}\n<\/style>\n<div  class='flex_column av-nc5d3-c97ff0dadb7fb1ebea52a6c9938c10d3 av_one_half  avia-builder-el-26  el_after_av_one_half  el_before_av_one_half  flex_column_div av-zero-column-padding  column-top-margin'     ><section  class='av_textblock_section av-6bkk3b-aafca63feef30c5470fb2ee2d45d456d '   itemscope=\"itemscope\" itemtype=\"https:\/\/schema.org\/CreativeWork\" ><div class='avia_textblock'  itemprop=\"text\" ><p><span style=\"text-align: left; text-transform: uppercase; font-size: 22px; color: #719430;\">Experience<\/span><br \/>\nNous op\u00e9rons sur le march\u00e9 du transport et de la location d\u2019autocars \u00e0 Varsovie, en Pologne et en Europe depuis plus d\u2019une dizaine d\u2019ann\u00e9es. Gr\u00e2ce \u00e0 cela, riches en de nombreuses exp\u00e9riences, nous sommes capables de relever les d\u00e9fis m\u00eame les plus surprenants. Nous mettons \u00e0 votre disposition non seulement une \u00e9quipe comp\u00e9tente bas\u00e9e Varsovie mais \u00e9galement des chauffeurs et des guides exp\u00e9riment\u00e9s.<\/p>\n<\/div><\/section><\/div>\n<div  class='flex_column av-69n8pz-02a910a9d29c25389444e4a4767508ca av_one_half  avia-builder-el-28  el_after_av_one_half  el_before_av_one_half  first flex_column_div  column-top-margin'     ><section  class='av_textblock_section av-61678n-a3a26e6b6eb70edcffddf9a4d42b4e92 '   itemscope=\"itemscope\" itemtype=\"https:\/\/schema.org\/CreativeWork\" ><div class='avia_textblock'  itemprop=\"text\" ><p><span style=\"text-align: left; text-transform: uppercase; font-size: 22px; color: #719430;\">Pris attrayants<\/span><br \/>\nNous calculons nos prix en prenant en compte de nombreux facteurs tels que la dur\u00e9e de la location, l\u2019itin\u00e9raire, le nombre de chauffeurs, la possibilit\u00e9 d\u2019optimisation avec d\u2019autres commandes. Une telle approche nous permet d\u2019offrir des prix avantageux \u00e0 nos clients.<\/p>\n<\/div><\/section><\/div>\n\n<style type=\"text\/css\" data-created_by=\"avia_inline_auto\" id=\"style-css-av-5v2ldj-f42b5a4c7b5ad0d689b33350c1cdfc04\">\n.flex_column.av-5v2ldj-f42b5a4c7b5ad0d689b33350c1cdfc04{\nborder-radius:0px 0px 0px 0px;\npadding:0px 0px 0px 0px;\n}\n<\/style>\n<div  class='flex_column av-5v2ldj-f42b5a4c7b5ad0d689b33350c1cdfc04 av_one_half  avia-builder-el-30  el_after_av_one_half  avia-builder-el-last  flex_column_div av-zero-column-padding  column-top-margin'     ><section  class='av_textblock_section av-5o2jav-1df4dd63fdf4d8919c0afea4f3a414d2 '   itemscope=\"itemscope\" itemtype=\"https:\/\/schema.org\/CreativeWork\" ><div class='avia_textblock'  itemprop=\"text\" ><p><strong>TOP TRAVEL &#8211; Location d&rsquo;autocars Pologne Varsovie<\/strong><\/p>\n<\/div><\/section><\/div>\n","protected":false},"excerpt":{"rendered":"","protected":false},"author":1,"featured_media":2472,"parent":0,"menu_order":0,"comment_status":"closed","ping_status":"open","template":"","meta":{"_monsterinsights_skip_tracking":false,"_monsterinsights_sitenote_active":false,"_monsterinsights_sitenote_note":"","_monsterinsights_sitenote_category":0,"footnotes":""},"class_list":["post-991","page","type-page","status-publish","has-post-thumbnail","hentry"],"yoast_head":"<!-- This site is optimized with the Yoast SEO plugin v24.9 - https:\/\/yoast.com\/wordpress\/plugins\/seo\/ -->\n<title>Location d&#039;autocars Pologne - TOP TRAVEL Varsovie<\/title>\n<meta name=\"description\" content=\"Location d&#039;autocars Pologne Varsovie - TOP TRAVEL. Nous fournissons une gamme de services compl\u00e8te. MERCEDES Tourismo, MAN Lion\u2019s Coach, VDL New Futura.\" \/>\n<meta name=\"robots\" content=\"index, follow, max-snippet:-1, max-image-preview:large, max-video-preview:-1\" \/>\n<link rel=\"canonical\" href=\"https:\/\/wynajem-autokarow.com\/fr\/\" \/>\n<meta property=\"og:locale\" content=\"fr_FR\" \/>\n<meta property=\"og:type\" content=\"article\" \/>\n<meta property=\"og:title\" content=\"Location d&#039;autocars Pologne - TOP TRAVEL Varsovie\" \/>\n<meta property=\"og:description\" content=\"Location d&#039;autocars Pologne Varsovie - TOP TRAVEL. Nous fournissons une gamme de services compl\u00e8te. MERCEDES Tourismo, MAN Lion\u2019s Coach, VDL New Futura.\" \/>\n<meta property=\"og:url\" content=\"https:\/\/wynajem-autokarow.com\/fr\/\" \/>\n<meta property=\"og:site_name\" content=\"TOP TRAVEL - Wynajem autokar\u00f3w Warszawa Polska Europa\" \/>\n<meta property=\"article:modified_time\" content=\"2020-03-05T11:33:13+00:00\" \/>\n<meta property=\"og:image\" content=\"https:\/\/wynajem-autokarow.com\/wp-content\/uploads\/2016\/05\/TT-Autokary-Warszawa.jpg\" \/>\n\t<meta property=\"og:image:width\" content=\"800\" \/>\n\t<meta property=\"og:image:height\" content=\"598\" \/>\n\t<meta property=\"og:image:type\" content=\"image\/jpeg\" \/>\n<meta name=\"twitter:label1\" content=\"Dur\u00e9e de lecture estim\u00e9e\" \/>\n\t<meta name=\"twitter:data1\" content=\"7 minutes\" \/>\n<script type=\"application\/ld+json\" class=\"yoast-schema-graph\">{\"@context\":\"https:\/\/schema.org\",\"@graph\":[{\"@type\":\"WebPage\",\"@id\":\"https:\/\/wynajem-autokarow.com\/fr\/\",\"url\":\"https:\/\/wynajem-autokarow.com\/fr\/\",\"name\":\"Location d'autocars Pologne - TOP TRAVEL Varsovie\",\"isPartOf\":{\"@id\":\"https:\/\/wynajem-autokarow.com\/#website\"},\"primaryImageOfPage\":{\"@id\":\"https:\/\/wynajem-autokarow.com\/fr\/#primaryimage\"},\"image\":{\"@id\":\"https:\/\/wynajem-autokarow.com\/fr\/#primaryimage\"},\"thumbnailUrl\":\"https:\/\/wynajem-autokarow.com\/wp-content\/uploads\/2016\/05\/TT-Autokary-Warszawa.jpg\",\"datePublished\":\"2015-04-13T17:37:18+00:00\",\"dateModified\":\"2020-03-05T11:33:13+00:00\",\"description\":\"Location d'autocars Pologne Varsovie - TOP TRAVEL. Nous fournissons une gamme de services compl\u00e8te. MERCEDES Tourismo, MAN Lion\u2019s Coach, VDL New Futura.\",\"breadcrumb\":{\"@id\":\"https:\/\/wynajem-autokarow.com\/fr\/#breadcrumb\"},\"inLanguage\":\"fr-FR\",\"potentialAction\":[{\"@type\":\"ReadAction\",\"target\":[\"https:\/\/wynajem-autokarow.com\/fr\/\"]}]},{\"@type\":\"ImageObject\",\"inLanguage\":\"fr-FR\",\"@id\":\"https:\/\/wynajem-autokarow.com\/fr\/#primaryimage\",\"url\":\"https:\/\/wynajem-autokarow.com\/wp-content\/uploads\/2016\/05\/TT-Autokary-Warszawa.jpg\",\"contentUrl\":\"https:\/\/wynajem-autokarow.com\/wp-content\/uploads\/2016\/05\/TT-Autokary-Warszawa.jpg\",\"width\":800,\"height\":598},{\"@type\":\"BreadcrumbList\",\"@id\":\"https:\/\/wynajem-autokarow.com\/fr\/#breadcrumb\",\"itemListElement\":[{\"@type\":\"ListItem\",\"position\":1,\"name\":\"TOP TRAVEL Wynajem autokar\u00f3w Warszawa\",\"item\":\"https:\/\/wynajem-autokarow.com\/fr\/\"},{\"@type\":\"ListItem\",\"position\":2,\"name\":\"TOP TRAVEL &#8211; location d&rsquo;autocars\"}]},{\"@type\":\"WebSite\",\"@id\":\"https:\/\/wynajem-autokarow.com\/#website\",\"url\":\"https:\/\/wynajem-autokarow.com\/\",\"name\":\"TOP TRAVEL - Wynajem autokar\u00f3w Warszawa Polska Europa\",\"description\":\"TOP TRAVEL - Wynajem autokar\u00f3w Warszawa: Luksusowe Komfortowe Bezpieczne; Dla biznesu i os\u00f3b indywidualnych. Realizujemy przejazdy lokalne i d\u0142ugie trasy.\",\"potentialAction\":[{\"@type\":\"SearchAction\",\"target\":{\"@type\":\"EntryPoint\",\"urlTemplate\":\"https:\/\/wynajem-autokarow.com\/?s={search_term_string}\"},\"query-input\":{\"@type\":\"PropertyValueSpecification\",\"valueRequired\":true,\"valueName\":\"search_term_string\"}}],\"inLanguage\":\"fr-FR\"}]}<\/script>\n<!-- \/ Yoast SEO plugin. -->","yoast_head_json":{"title":"Location d'autocars Pologne - TOP TRAVEL Varsovie","description":"Location d'autocars Pologne Varsovie - TOP TRAVEL. Nous fournissons une gamme de services compl\u00e8te. MERCEDES Tourismo, MAN Lion\u2019s Coach, VDL New Futura.","robots":{"index":"index","follow":"follow","max-snippet":"max-snippet:-1","max-image-preview":"max-image-preview:large","max-video-preview":"max-video-preview:-1"},"canonical":"https:\/\/wynajem-autokarow.com\/fr\/","og_locale":"fr_FR","og_type":"article","og_title":"Location d'autocars Pologne - TOP TRAVEL Varsovie","og_description":"Location d'autocars Pologne Varsovie - TOP TRAVEL. Nous fournissons une gamme de services compl\u00e8te. MERCEDES Tourismo, MAN Lion\u2019s Coach, VDL New Futura.","og_url":"https:\/\/wynajem-autokarow.com\/fr\/","og_site_name":"TOP TRAVEL - Wynajem autokar\u00f3w Warszawa Polska Europa","article_modified_time":"2020-03-05T11:33:13+00:00","og_image":[{"width":800,"height":598,"url":"https:\/\/wynajem-autokarow.com\/wp-content\/uploads\/2016\/05\/TT-Autokary-Warszawa.jpg","type":"image\/jpeg"}],"twitter_misc":{"Dur\u00e9e de lecture estim\u00e9e":"7 minutes"},"schema":{"@context":"https:\/\/schema.org","@graph":[{"@type":"WebPage","@id":"https:\/\/wynajem-autokarow.com\/fr\/","url":"https:\/\/wynajem-autokarow.com\/fr\/","name":"Location d'autocars Pologne - TOP TRAVEL Varsovie","isPartOf":{"@id":"https:\/\/wynajem-autokarow.com\/#website"},"primaryImageOfPage":{"@id":"https:\/\/wynajem-autokarow.com\/fr\/#primaryimage"},"image":{"@id":"https:\/\/wynajem-autokarow.com\/fr\/#primaryimage"},"thumbnailUrl":"https:\/\/wynajem-autokarow.com\/wp-content\/uploads\/2016\/05\/TT-Autokary-Warszawa.jpg","datePublished":"2015-04-13T17:37:18+00:00","dateModified":"2020-03-05T11:33:13+00:00","description":"Location d'autocars Pologne Varsovie - TOP TRAVEL. Nous fournissons une gamme de services compl\u00e8te. MERCEDES Tourismo, MAN Lion\u2019s Coach, VDL New Futura.","breadcrumb":{"@id":"https:\/\/wynajem-autokarow.com\/fr\/#breadcrumb"},"inLanguage":"fr-FR","potentialAction":[{"@type":"ReadAction","target":["https:\/\/wynajem-autokarow.com\/fr\/"]}]},{"@type":"ImageObject","inLanguage":"fr-FR","@id":"https:\/\/wynajem-autokarow.com\/fr\/#primaryimage","url":"https:\/\/wynajem-autokarow.com\/wp-content\/uploads\/2016\/05\/TT-Autokary-Warszawa.jpg","contentUrl":"https:\/\/wynajem-autokarow.com\/wp-content\/uploads\/2016\/05\/TT-Autokary-Warszawa.jpg","width":800,"height":598},{"@type":"BreadcrumbList","@id":"https:\/\/wynajem-autokarow.com\/fr\/#breadcrumb","itemListElement":[{"@type":"ListItem","position":1,"name":"TOP TRAVEL Wynajem autokar\u00f3w Warszawa","item":"https:\/\/wynajem-autokarow.com\/fr\/"},{"@type":"ListItem","position":2,"name":"TOP TRAVEL &#8211; location d&rsquo;autocars"}]},{"@type":"WebSite","@id":"https:\/\/wynajem-autokarow.com\/#website","url":"https:\/\/wynajem-autokarow.com\/","name":"TOP TRAVEL - Wynajem autokar\u00f3w Warszawa Polska Europa","description":"TOP TRAVEL - Wynajem autokar\u00f3w Warszawa: Luksusowe Komfortowe Bezpieczne; Dla biznesu i os\u00f3b indywidualnych. Realizujemy przejazdy lokalne i d\u0142ugie trasy.","potentialAction":[{"@type":"SearchAction","target":{"@type":"EntryPoint","urlTemplate":"https:\/\/wynajem-autokarow.com\/?s={search_term_string}"},"query-input":{"@type":"PropertyValueSpecification","valueRequired":true,"valueName":"search_term_string"}}],"inLanguage":"fr-FR"}]}},"_links":{"self":[{"href":"https:\/\/wynajem-autokarow.com\/fr\/wp-json\/wp\/v2\/pages\/991","targetHints":{"allow":["GET"]}}],"collection":[{"href":"https:\/\/wynajem-autokarow.com\/fr\/wp-json\/wp\/v2\/pages"}],"about":[{"href":"https:\/\/wynajem-autokarow.com\/fr\/wp-json\/wp\/v2\/types\/page"}],"author":[{"embeddable":true,"href":"https:\/\/wynajem-autokarow.com\/fr\/wp-json\/wp\/v2\/users\/1"}],"replies":[{"embeddable":true,"href":"https:\/\/wynajem-autokarow.com\/fr\/wp-json\/wp\/v2\/comments?post=991"}],"version-history":[{"count":24,"href":"https:\/\/wynajem-autokarow.com\/fr\/wp-json\/wp\/v2\/pages\/991\/revisions"}],"predecessor-version":[{"id":2735,"href":"https:\/\/wynajem-autokarow.com\/fr\/wp-json\/wp\/v2\/pages\/991\/revisions\/2735"}],"wp:featuredmedia":[{"embeddable":true,"href":"https:\/\/wynajem-autokarow.com\/fr\/wp-json\/wp\/v2\/media\/2472"}],"wp:attachment":[{"href":"https:\/\/wynajem-autokarow.com\/fr\/wp-json\/wp\/v2\/media?parent=991"}],"curies":[{"name":"wp","href":"https:\/\/api.w.org\/{rel}","templated":true}]}}