{"id":1782,"date":"2015-04-13T19:14:18","date_gmt":"2015-04-13T19:14:18","guid":{"rendered":"http:\/\/www.wynajem-autokarow.com\/?page_id=1782"},"modified":"2020-03-05T11:46:45","modified_gmt":"2020-03-05T11:46:45","slug":"coach-hire-poland","status":"publish","type":"page","link":"https:\/\/wynajem-autokarow.com\/de\/","title":{"rendered":"Reisebusse Vermietung Polen"},"content":{"rendered":"<div id='layer_slider_1'  class='avia-layerslider main_color avia-shadow  avia-builder-el-0  el_before_av_section  avia-builder-el-first  container_wrap sidebar_right'  style='height: 471px;'  ><\/div>\n<div id='av_section_1'  class='avia-section av-1eqmkh2-7c9b7255786183466a38d419e28db9c3 footer_color avia-section-default avia-no-shadow  avia-builder-el-1  el_after_av_layerslider  el_before_av_two_fifth  avia-bg-style-scroll container_wrap sidebar_right'  ><div class='container av-section-cont-open' ><div class='template-page content  av-content-small alpha units'><div class='post-entry post-entry-type-page post-entry-1782'><div class='entry-content-wrapper clearfix'>\n\n<style type=\"text\/css\" data-created_by=\"avia_inline_auto\" id=\"style-css-av-1cqnh5i-f20377ee5d8b6424610f48abc2bde5df\">\n#top .hr.hr-invisible.av-1cqnh5i-f20377ee5d8b6424610f48abc2bde5df{\nmargin-top:-40px;\nheight:1px;\n}\n<\/style>\n<div  class='hr av-1cqnh5i-f20377ee5d8b6424610f48abc2bde5df hr-invisible  avia-builder-el-2  el_before_av_textblock  avia-builder-el-first '><span class='hr-inner '><span class=\"hr-inner-style\"><\/span><\/span><\/div>\n<section  class='av_textblock_section av-1bwgdcm-1ab471f8b8c18e7728b3313e02806782 '   itemscope=\"itemscope\" itemtype=\"https:\/\/schema.org\/CreativeWork\" ><div class='avia_textblock'  itemprop=\"text\" ><p style=\"text-align: center; text-transform: uppercase; font-size: 22px;\"><strong>Unsere Reisebusse<\/strong><\/p>\n<\/div><\/section>\n<div  id=\"av-sc-portfolio-1\"  class=' grid-sort-container isotope   no_margin-container with-excerpt-container grid-total-even grid-col-2 grid-links-' data-portfolio-id='1'><div data-ajax-id='1777' class=' grid-entry flex_column isotope-item all_sort no_margin post-entry post-entry-1777 grid-entry-overview grid-loop-1 grid-parity-odd  mercedes-de_sort  av_one_half first default_av_fullwidth '><article class='main_color inner-entry'  itemscope=\"itemscope\" itemtype=\"https:\/\/schema.org\/CreativeWork\" ><a href=\"https:\/\/wynajem-autokarow.com\/de\/flota\/mercedes-2\/\" title='MERCEDES'  data-rel='grid-1' class='grid-image avia-hover-fx'> <img decoding=\"async\" fetchpriority=\"high\" width=\"428\" height=\"305\" src=\"https:\/\/wynajem-autokarow.com\/wp-content\/uploads\/2015\/03\/Autokar-Mercedes-Starsz.jpg\" class=\"wp-image-3060 avia-img-lazy-loading-not-3060 attachment-portfolio size-portfolio wp-post-image\" alt=\"\" srcset=\"https:\/\/wynajem-autokarow.com\/wp-content\/uploads\/2015\/03\/Autokar-Mercedes-Starsz.jpg 428w, https:\/\/wynajem-autokarow.com\/wp-content\/uploads\/2015\/03\/Autokar-Mercedes-Starsz-300x214.jpg 300w, https:\/\/wynajem-autokarow.com\/wp-content\/uploads\/2015\/03\/Autokar-Mercedes-Starsz-260x185.jpg 260w\" sizes=\"(max-width: 428px) 100vw, 428px\" \/><\/a><div class='grid-content'><div class='avia-arrow'><\/div><header class=\"entry-content-header\" aria-label=\"Portfolio: MERCEDES\"><h3 class='grid-entry-title entry-title '  itemprop=\"headline\" ><a href='https:\/\/wynajem-autokarow.com\/de\/flota\/mercedes-2\/' title='MERCEDES'>MERCEDES<\/a><\/h3><\/header><div class='grid-entry-excerpt entry-content'  itemprop=\"text\" >5 Reissbusse<\/br>\r\nSitzpl\u00e4tze: 49+3 oder 51+2<\/div><\/div><footer class=\"entry-footer\"><\/footer><\/article><\/div><div data-ajax-id='1779' class=' grid-entry flex_column isotope-item all_sort no_margin post-entry post-entry-1779 grid-entry-overview grid-loop-2 grid-parity-even  post-entry-last  vdl-de_sort  av_one_half  default_av_fullwidth '><article class='main_color inner-entry'  itemscope=\"itemscope\" itemtype=\"https:\/\/schema.org\/CreativeWork\" ><a href=\"https:\/\/wynajem-autokarow.com\/de\/flota\/vdl-new-futura-2\/\" title='VDL New Futura'  data-rel='grid-1' class='grid-image avia-hover-fx'> <img decoding=\"async\" fetchpriority=\"high\" width=\"399\" height=\"284\" src=\"https:\/\/wynajem-autokarow.com\/wp-content\/uploads\/2015\/03\/VDL2.png\" class=\"wp-image-1514 avia-img-lazy-loading-not-1514 attachment-portfolio size-portfolio wp-post-image\" alt=\"\" srcset=\"https:\/\/wynajem-autokarow.com\/wp-content\/uploads\/2015\/03\/VDL2.png 399w, https:\/\/wynajem-autokarow.com\/wp-content\/uploads\/2015\/03\/VDL2-300x214.png 300w, https:\/\/wynajem-autokarow.com\/wp-content\/uploads\/2015\/03\/VDL2-260x185.png 260w\" sizes=\"(max-width: 399px) 100vw, 399px\" \/><\/a><div class='grid-content'><div class='avia-arrow'><\/div><header class=\"entry-content-header\" aria-label=\"Portfolio: VDL New Futura\"><h3 class='grid-entry-title entry-title '  itemprop=\"headline\" ><a href='https:\/\/wynajem-autokarow.com\/de\/flota\/vdl-new-futura-2\/' title='VDL New Futura'>VDL New Futura<\/a><\/h3><\/header><div class='grid-entry-excerpt entry-content'  itemprop=\"text\" >5 Reissbusse<\/br>\nSitzpl\u00e4tze: 57+2<\/div><\/div><footer class=\"entry-footer\"><\/footer><\/article><\/div><\/div>\n<\/div><\/div><\/div><!-- close content main div --><\/div><\/div><div id='after_section_1'  class='main_color av_default_container_wrap container_wrap sidebar_right'  ><div class='container av-section-cont-open' ><div class='template-page content  av-content-small alpha units'><div class='post-entry post-entry-type-page post-entry-1782'><div class='entry-content-wrapper clearfix'>\n<div  class='flex_column av-17g0wom-2d475a65e5e332769cbd3917d1225497 av_two_fifth  avia-builder-el-5  el_after_av_section  el_before_av_two_fifth  avia-builder-el-first  first flex_column_div  '     ><p><article  class='iconbox iconbox_left av-46jpee-b05b3c5f730904da319e3e2f40c4badb  avia-builder-el-6  el_before_av_icon_box  avia-builder-el-first '  itemscope=\"itemscope\" itemtype=\"https:\/\/schema.org\/CreativeWork\" ><div class=\"iconbox_content\"><header class=\"entry-content-header\" aria-label=\"Icon: Wer sind wir?\"><div class='iconbox_icon heading-color avia-iconfont avia-font-entypo-fontello' data-av_icon='\ue80b' data-av_iconfont='entypo-fontello'  ><\/div><h3 class='iconbox_content_title '  itemprop=\"headline\" >Wer sind wir?<\/h3><\/header><div class='iconbox_content_container '  itemprop=\"text\" ><p>TOP TRAVEL ist ein professioneller Bef\u00f6rderer von Reisenden, wir sind mit unseren Dienstleistungsangebot ab 1997 in Polen und in Europa t\u00e4tig.<\/p>\n<p>Beim Busverleih legen wir Wert auf folgende Faktoren:<\/p>\n<ul>\n<li><strong><a href=\"#nazwa1\">Komfort der Reisenden<\/a><\/strong><\/li>\n<li><strong><a href=\"#nazwa2\">Sicherheit unserer Fahrg\u00e4ste<\/a><\/strong><\/li>\n<li><strong><a href=\"#nazwa3\">Ma\u00dfgeschneiderte <\/a><\/strong><a href=\"#nazwa3\">Vorgehensweise<\/a><\/li>\n<\/ul>\n<\/div><\/div><footer class=\"entry-footer\"><\/footer><\/article><br \/>\n<article  class='iconbox iconbox_left av-156y3iu-a94c2c478a4f358a515fc8db46719145  avia-builder-el-7  el_after_av_icon_box  avia-builder-el-last '  itemscope=\"itemscope\" itemtype=\"https:\/\/schema.org\/CreativeWork\" ><div class=\"iconbox_content\"><header class=\"entry-content-header\" aria-label=\"Icon: Wo sind wir t\u00e4tig?\"><div class='iconbox_icon heading-color avia-iconfont avia-font-entypo-fontello' data-av_icon='\ue8b1' data-av_iconfont='entypo-fontello'  ><\/div><h3 class='iconbox_content_title '  itemprop=\"headline\" >Wo sind wir t\u00e4tig?<\/h3><\/header><div class='iconbox_content_container '  itemprop=\"text\" ><p>Unser Sitz ist Warschau, wir sind aber imstande, Reisebusse am beliebigen Ort in Polen oder in Europa zur Verf\u00fcgung zu stellen. Wir bedienen alle Ziele in europ\u00e4ischen L\u00e4ndern.<\/p>\n<\/div><\/div><footer class=\"entry-footer\"><\/footer><\/article><\/p><\/div>\n\n<style type=\"text\/css\" data-created_by=\"avia_inline_auto\" id=\"style-css-av-133xhau-fd1088fb424df505984599cc7d7ddf63\">\n.flex_column.av-133xhau-fd1088fb424df505984599cc7d7ddf63{\nborder-radius:0px 0px 0px 0px;\npadding:0px 0px 0px 0px;\n}\n<\/style>\n<div  class='flex_column av-133xhau-fd1088fb424df505984599cc7d7ddf63 av_two_fifth  avia-builder-el-8  el_after_av_two_fifth  el_before_av_one_fifth  flex_column_div av-zero-column-padding  '     ><article  class='iconbox iconbox_left av-10lkqja-a9adc7a1d7c567fd29f2d79c53fca74d  avia-builder-el-9  avia-builder-el-no-sibling '  itemscope=\"itemscope\" itemtype=\"https:\/\/schema.org\/CreativeWork\" ><div class=\"iconbox_content\"><header class=\"entry-content-header\" aria-label=\"Icon: Was realisieren wir?\"><div class='iconbox_icon heading-color avia-iconfont avia-font-entypo-fontello' data-av_icon='\ue8bc' data-av_iconfont='entypo-fontello'  ><\/div><h3 class='iconbox_content_title '  itemprop=\"headline\" >Was realisieren wir?<\/h3><\/header><div class='iconbox_content_container '  itemprop=\"text\" ><p>TOP TRAVEL \u2013 Reisebustransporte Warschau Polen Europa<br \/>\nWir sind in vollem Bereich t\u00e4tig. Wir realisieren:<br \/>\n\u2022\tFlughafentransfers<br \/>\n\u2022\tkurze und mehrt\u00e4gige Rundfahrten<br \/>\n\u2022\tFirmenreisen<br \/>\n\u2022\tIntegrationsausfl\u00fcge<br \/>\n\u2022\tSchulausfl\u00fcge<br \/>\n\u2022\tSkiausfl\u00fcge<br \/>\n\u2022\tBetreuung von Konzerten<br \/>\n\u2022\tVeranstaltungen wie Trauungen, Hochzeiten, usw.<\/p>\n<\/div><\/div><footer class=\"entry-footer\"><\/footer><\/article><\/div>\n\n<style type=\"text\/css\" data-created_by=\"avia_inline_auto\" id=\"style-css-av-133xhau-fd1088fb424df505984599cc7d7ddf63\">\n.flex_column.av-133xhau-fd1088fb424df505984599cc7d7ddf63{\nborder-radius:0px 0px 0px 0px;\npadding:0px 0px 0px 0px;\n}\n<\/style>\n<div  class='flex_column av-133xhau-fd1088fb424df505984599cc7d7ddf63 av_one_fifth  avia-builder-el-10  el_after_av_two_fifth  el_before_av_section  avia-builder-el-last  flex_column_div av-zero-column-padding  '     ><style type=\"text\/css\" data-created_by=\"avia_inline_auto\" id=\"style-css-av-k7eopuw5-80f689e2d93ce8af25541148b1ddca92\">\n.avia-image-container.av-k7eopuw5-80f689e2d93ce8af25541148b1ddca92 img.avia_image{\nbox-shadow:none;\n}\n.avia-image-container.av-k7eopuw5-80f689e2d93ce8af25541148b1ddca92 .av-image-caption-overlay-center{\ncolor:#ffffff;\n}\n<\/style>\n<div  class='avia-image-container av-k7eopuw5-80f689e2d93ce8af25541148b1ddca92 av-styling- avia-align-center  avia-builder-el-11  avia-builder-el-no-sibling '   itemprop=\"image\" itemscope=\"itemscope\" itemtype=\"https:\/\/schema.org\/ImageObject\" ><div class=\"avia-image-container-inner\"><div class=\"avia-image-overlay-wrap\"><img fetchpriority=\"high\" class='wp-image-2740 avia-img-lazy-loading-not-2740 avia_image ' src='https:\/\/wynajem-autokarow.com\/wp-content\/uploads\/2020\/03\/norm6.jpg' alt='' title='norm6'  height=\"300\" width=\"300\"  itemprop=\"thumbnailUrl\"  \/><\/div><\/div><\/div><\/div><\/div><\/div><\/div><!-- close content main div --><\/div><\/div>\n<style type=\"text\/css\" data-created_by=\"avia_inline_auto\" id=\"style-css-av-zdvqg6-54c0f1b099363625794f66e44be32020\">\n.avia-section.av-zdvqg6-54c0f1b099363625794f66e44be32020{\nbackground-color:#0a0a0a;\nbackground-image:unset;\n}\n<\/style>\n<div id='av_section_2'  class='avia-section av-zdvqg6-54c0f1b099363625794f66e44be32020 socket_color avia-section-no-padding avia-no-shadow  avia-builder-el-12  el_after_av_one_fifth  el_before_av_slideshow_full  avia-bg-style-scroll container_wrap sidebar_right'  ><div class='container av-section-cont-open' ><div class='template-page content  av-content-small alpha units'><div class='post-entry post-entry-type-page post-entry-1782'><div class='entry-content-wrapper clearfix'>\n\n<style type=\"text\/css\" data-created_by=\"avia_inline_auto\" id=\"style-css-av-ydkpza-249f2e9fe733641ad23dba1887d776c4\">\n#top .hr.hr-invisible.av-ydkpza-249f2e9fe733641ad23dba1887d776c4{\nheight:10px;\n}\n<\/style>\n<div  class='hr av-ydkpza-249f2e9fe733641ad23dba1887d776c4 hr-invisible  avia-builder-el-13  el_before_av_one_third  avia-builder-el-first '><span class='hr-inner '><span class=\"hr-inner-style\"><\/span><\/span><\/div>\n<div  class='flex_column av-wutwwm-d44b6cba8713640a43bec3fa20a9493a av_one_third  avia-builder-el-14  el_after_av_hr  el_before_av_one_third  first flex_column_div  '     ><\/div><div  class='flex_column av-b523q-f037953cd264fa194cf21d44747b2224 av_one_third  avia-builder-el-15  el_after_av_one_third  el_before_av_one_third  flex_column_div  '     ><section  class='av_textblock_section av-toiora-875e3e37f8e19fb2660816ef61a4885d '   itemscope=\"itemscope\" itemtype=\"https:\/\/schema.org\/CreativeWork\" ><div class='avia_textblock'  itemprop=\"text\" ><p style=\"text-transform: uppercase; font-size: 22px; text-align: center;\"><strong>UNS HABEN VERTRAUT<\/strong><\/p>\n<\/div><\/section><\/div><div  class='flex_column av-s2es46-ad2ec786e5e95351723897e6a285072f av_one_third  avia-builder-el-17  el_after_av_one_third  el_before_av_image  flex_column_div  '     ><\/div>\n<style type=\"text\/css\" data-created_by=\"avia_inline_auto\" id=\"style-css-av-pgfxpi-3290e008305f6b616ed001c6ab1f5d04\">\n.avia-image-container.av-pgfxpi-3290e008305f6b616ed001c6ab1f5d04 img.avia_image{\nbox-shadow:none;\n}\n.avia-image-container.av-pgfxpi-3290e008305f6b616ed001c6ab1f5d04 .av-image-caption-overlay-center{\ncolor:#ffffff;\n}\n<\/style>\n<div  class='avia-image-container av-pgfxpi-3290e008305f6b616ed001c6ab1f5d04 av-styling- avia-align-center  avia-builder-el-18  el_after_av_one_third  el_before_av_textblock '   itemprop=\"image\" itemscope=\"itemscope\" itemtype=\"https:\/\/schema.org\/ImageObject\" ><div class=\"avia-image-container-inner\"><div class=\"avia-image-overlay-wrap\"><img fetchpriority=\"high\" class='wp-image-1730 avia-img-lazy-loading-not-1730 avia_image ' src='https:\/\/wynajem-autokarow.com\/wp-content\/uploads\/2015\/03\/TOP-TRAVEL-Autokary-Klienci.jpg' alt='' title='TOP-TRAVEL-Autokary-Klienci'  height=\"321\" width=\"1600\"  itemprop=\"thumbnailUrl\"  \/><\/div><\/div><\/div>\n<section  class='av_textblock_section av-oi7ifa-b7ee457b6fb3df4a1c8b37d71cb0129b '   itemscope=\"itemscope\" itemtype=\"https:\/\/schema.org\/CreativeWork\" ><div class='avia_textblock'  itemprop=\"text\" ><p style=\"text-align: center;\">und viele andere Firmen und Privatkunden<\/p>\n<\/div><\/section>\n<\/p>\n<\/div><\/div><\/div><!-- close content main div --><\/div><\/div><div id='full_slider_1'  class='avia-fullwidth-slider main_color avia-shadow   avia-builder-el-20  el_after_av_section  el_before_av_textblock   slider-not-first container_wrap sidebar_right'  ><div  class='avia-slideshow av-m4s8jq-2b9ace4f0af39f6d08dbe985dcee0b49 avia-slideshow-featured av_slideshow_full avia-slide-slider av-slideshow-ui av-control-default av-slideshow-manual av-loop-once av-loop-manual-endless av-default-height-applied   avia-slideshow-1' data-slideshow-options=\"{&quot;animation&quot;:&quot;slide&quot;,&quot;autoplay&quot;:false,&quot;loop_autoplay&quot;:&quot;once&quot;,&quot;interval&quot;:5,&quot;loop_manual&quot;:&quot;manual-endless&quot;,&quot;autoplay_stopper&quot;:false,&quot;noNavigation&quot;:false,&quot;bg_slider&quot;:false,&quot;keep_padding&quot;:false,&quot;hoverpause&quot;:false,&quot;show_slide_delay&quot;:0}\"  itemprop=\"image\" itemscope=\"itemscope\" itemtype=\"https:\/\/schema.org\/ImageObject\" ><ul class='avia-slideshow-inner ' style='padding-bottom: 28.666666666667%;'><li  class='avia-slideshow-slide av-m4s8jq-2b9ace4f0af39f6d08dbe985dcee0b49__0  av-single-slide slide-1 slide-odd'><div data-rel='slideshow-1' class='avia-slide-wrap '   ><img fetchpriority=\"high\" class=\"wp-image-1397 avia-img-lazy-loading-not-1397\"  src='https:\/\/wynajem-autokarow.com\/wp-content\/uploads\/2015\/03\/Autokary-Warszawa-TOP-TRAVEL-Merc-1500x430.jpg' width='1500' height='430' title='Autokary-Warszawa- TOP TRAVEL-Merc' alt=''  itemprop=\"thumbnailUrl\"   \/><\/div><\/li><\/ul><\/div><\/div><div id='after_full_slider_1'  class='main_color av_default_container_wrap container_wrap sidebar_right'  ><div class='container av-section-cont-open' ><div class='template-page content  av-content-small alpha units'><div class='post-entry post-entry-type-page post-entry-1782'><div class='entry-content-wrapper clearfix'>\n<section  class='av_textblock_section av-is3vxy-54f5600dbcbb9cca298ac5e30348bd52 '   itemscope=\"itemscope\" itemtype=\"https:\/\/schema.org\/CreativeWork\" ><div class='avia_textblock'  itemprop=\"text\" ><h2 style=\"text-align: center;\">Top Travel \u2013 Reisebusverleih Warschau Polen Europa ist:<\/h2>\n<\/div><\/section>\n<div  class='flex_column av-gup68m-f989fbdc2b317d7fa110c8230c6ccd1c av_one_half  avia-builder-el-22  el_after_av_textblock  el_before_av_one_half  first flex_column_div  column-top-margin'     ><section  class='av_textblock_section av-fmdnyu-d2ac9aadf4aae23c4ea8479ff2f709f7 '   itemscope=\"itemscope\" itemtype=\"https:\/\/schema.org\/CreativeWork\" ><div class='avia_textblock'  itemprop=\"text\" ><p><span id=\"nazwa1\" style=\"text-align: left; text-transform: uppercase; font-size: 22px; color: #719430;\">Komfort<\/span><br \/>\nUnsere Reisebusse: MERCEDES Tourismo, MAN Lion\u2019s Coach, BOVA fhd, VDL New Futura geh\u00f6ren der h\u00f6chsten Reisebusklasse.<br \/>\nAlle unsere Reisebusse verf\u00fcgen \u00fcber:<br \/>\n\u2022 bequeme, verstellbare Sitze<br \/>\n\u2022 Klimaanlage<br \/>\n\u2022 Toilette<br \/>\n\u2022 Minibar und K\u00fchlschrank<br \/>\n\u2022 WC<br \/>\n\u2022 Audio- und Videoger\u00e4te<br \/>\n\u2022 GPS-Navigation<\/p>\n<\/div><\/section><\/div>\n\n<style type=\"text\/css\" data-created_by=\"avia_inline_auto\" id=\"style-css-av-etn2li-560171978676685b6ac4c406a5d4b090\">\n.flex_column.av-etn2li-560171978676685b6ac4c406a5d4b090{\nborder-radius:0px 0px 0px 0px;\npadding:0px 0px 0px 0px;\n}\n<\/style>\n<div  class='flex_column av-etn2li-560171978676685b6ac4c406a5d4b090 av_one_half  avia-builder-el-24  el_after_av_one_half  el_before_av_one_half  flex_column_div av-zero-column-padding  column-top-margin'     ><section  class='av_textblock_section av-cr067a-8911d6714d7a37a48f2ec4f74f5f4e32 '   itemscope=\"itemscope\" itemtype=\"https:\/\/schema.org\/CreativeWork\" ><div class='avia_textblock'  itemprop=\"text\" ><p><span id=\"nazwa2\" style=\"text-align: left; text-transform: uppercase; font-size: 22px; color: #719430;\">SICHERHEIT<\/span><br \/>\n\u2022 wir verf\u00fcgen \u00fcber eine moderne Fahrzeugflotte von den renommierten Produzenten. Unsere Reisebusse sind mit allen Systemen ausgestattet, die die Sicherheit steigern<br \/>\n\u2022 wir f\u00fchren regelm\u00e4\u00dfige technische \u00dcberwachungen unserer Fahrzeuge durch<br \/>\n\u2022 wir besch\u00e4ftigen nur erfahrene Fahrer<br \/>\n\u2022 wir beachten Fahrvorschriften besonders in Bezug auf die Geschwindigkeits- und Arbeitszeitbegrenzungen der Fahrer<br \/>\n\u2022 wir unterst\u00fctzen Sie gerne bei der Planung Ihrer Reise, ohne Verletzung der Fahrvorschriften in Polen und Europa.<\/p>\n<\/div><\/section><\/div>\n<div  class='flex_column av-ajjviu-fdba58caabd5494d279b22ca38dd3db7 av_one_half  avia-builder-el-26  el_after_av_one_half  el_before_av_one_half  first flex_column_div  column-top-margin'     ><section  class='av_textblock_section av-8ixmva-938c93e98f1d16218e9b7bfd2d223017 '   itemscope=\"itemscope\" itemtype=\"https:\/\/schema.org\/CreativeWork\" ><div class='avia_textblock'  itemprop=\"text\" ><p><span id=\"nazwa3\" style=\"text-align: left; text-transform: uppercase; font-size: 22px; color: #719430;\">MASSGESCHNEIDETE VORGEHENSWEISE<\/span><br \/>\nTOP TRAVEL \u2013 Reisebusverleih Warschau Polen Europa ist ein Teil des Reiseb\u00fcros TOP TRAVEL, dass auf die Anforderungen anspruchsvoller Kunden sowohl aus privatem als auch aus Firmenkundengesch\u00e4ft eingestellt ist.<br \/>\nUnser Personal ist auf die Erf\u00fcllung individueller Bed\u00fcrfnisse unserer Kunden eingestellt. Das ist ein Bestandteil der Kultur unserer Firma.<\/p>\n<\/div><\/section><\/div>\n\n<style type=\"text\/css\" data-created_by=\"avia_inline_auto\" id=\"style-css-av-6xwqjq-38e085fcc9eea5f0eb8da796fc4c9385\">\n.flex_column.av-6xwqjq-38e085fcc9eea5f0eb8da796fc4c9385{\nborder-radius:0px 0px 0px 0px;\npadding:0px 0px 0px 0px;\n}\n<\/style>\n<div  class='flex_column av-6xwqjq-38e085fcc9eea5f0eb8da796fc4c9385 av_one_half  avia-builder-el-28  el_after_av_one_half  el_before_av_one_half  flex_column_div av-zero-column-padding  column-top-margin'     ><section  class='av_textblock_section av-68nqs6-91b7196e095225daf381f448f0eca6f6 '   itemscope=\"itemscope\" itemtype=\"https:\/\/schema.org\/CreativeWork\" ><div class='avia_textblock'  itemprop=\"text\" ><p><span id=\"nazwa5\" style=\"text-align: center; text-transform: uppercase; font-size: 22px; color: #719430;\">ERFAHRUNG<\/span><br \/>\nWir sind auf dem Markt der Personenbef\u00f6rderung und des Busverleihs in Polen und in Europa seit einem guten Dutzend Jahren t\u00e4tig. In dieser Zeit haben wir viele wesentliche Erfahrungen gesammelt, die uns erlauben, den meist\u00fcberraschenden Anforderungen entgegenzukommen. \u00dcber diese Erfahrung verf\u00fcgt sowohl unser Team in Warschau, als auch unsere Fahrer und mit uns mitarbeitende Reiseleiter.<\/p>\n<\/div><\/section><\/div>\n<div  class='flex_column av-4jcqme-1bfca7d0cb25ca58701c46921fbd35c7 av_one_half  avia-builder-el-30  el_after_av_one_half  avia-builder-el-last  first flex_column_div  column-top-margin'     ><section  class='av_textblock_section av-2bb0c6-ee18d5a7ab354c0aa17847298ea7cd4a '   itemscope=\"itemscope\" itemtype=\"https:\/\/schema.org\/CreativeWork\" ><div class='avia_textblock'  itemprop=\"text\" ><p><span style=\"text-align: left; text-transform: uppercase; font-size: 22px; color: #719430;\">ATTRAKTIVEN PREISE<\/span><br \/>\nPreise bei TOP TRAVEL \u2013 Reisebusverleih Warschau Polen Europa wird anhand ganzer Reihe von einzelnen Faktoren kalkuliert wie Vermietungsdauer, geplante Route, Fahreranzahl, M\u00f6glichkeiten der Optimierung mit anderen Auftr\u00e4gen. Das erlaubt uns, attraktive Preise f\u00fcr unsere Kunden zu gewinnen.<\/p>\n<\/div><\/section><\/div>\n","protected":false},"excerpt":{"rendered":"","protected":false},"author":1,"featured_media":2473,"parent":0,"menu_order":0,"comment_status":"closed","ping_status":"open","template":"","meta":{"_monsterinsights_skip_tracking":false,"_monsterinsights_sitenote_active":false,"_monsterinsights_sitenote_note":"","_monsterinsights_sitenote_category":0,"footnotes":""},"class_list":["post-1782","page","type-page","status-publish","has-post-thumbnail","hentry"],"yoast_head":"<!-- This site is optimized with the Yoast SEO plugin v24.9 - https:\/\/yoast.com\/wordpress\/plugins\/seo\/ -->\n<title>Reisebusse Vermietung Polen - TOP TRAVEL<\/title>\n<meta name=\"description\" content=\"Reisebusse Vermietung Polen Warschau - TOP TRAVEL - Reisebusse Vermietung Warschau - Deutschland. Flughafentransfer Warschau.\" \/>\n<meta name=\"robots\" content=\"index, follow, max-snippet:-1, max-image-preview:large, max-video-preview:-1\" \/>\n<link rel=\"canonical\" href=\"https:\/\/wynajem-autokarow.com\/de\/\" \/>\n<meta property=\"og:locale\" content=\"de_DE\" \/>\n<meta property=\"og:type\" content=\"article\" \/>\n<meta property=\"og:title\" content=\"Reisebusse Vermietung Polen - TOP TRAVEL\" \/>\n<meta property=\"og:description\" content=\"Reisebusse Vermietung Polen Warschau - TOP TRAVEL - Reisebusse Vermietung Warschau - Deutschland. Flughafentransfer Warschau.\" \/>\n<meta property=\"og:url\" content=\"https:\/\/wynajem-autokarow.com\/de\/\" \/>\n<meta property=\"og:site_name\" content=\"TOP TRAVEL - Wynajem autokar\u00f3w Warszawa Polska Europa\" \/>\n<meta property=\"article:modified_time\" content=\"2020-03-05T11:46:45+00:00\" \/>\n<meta property=\"og:image\" content=\"https:\/\/wynajem-autokarow.com\/wp-content\/uploads\/2016\/05\/TT-Autokary-Warszawa.jpg\" \/>\n\t<meta property=\"og:image:width\" content=\"800\" \/>\n\t<meta property=\"og:image:height\" content=\"598\" \/>\n\t<meta property=\"og:image:type\" content=\"image\/jpeg\" \/>\n<meta name=\"twitter:label1\" content=\"Gesch\u00e4tzte Lesezeit\" \/>\n\t<meta name=\"twitter:data1\" content=\"7\u00a0Minuten\" \/>\n<script type=\"application\/ld+json\" class=\"yoast-schema-graph\">{\"@context\":\"https:\/\/schema.org\",\"@graph\":[{\"@type\":\"WebPage\",\"@id\":\"https:\/\/wynajem-autokarow.com\/de\/\",\"url\":\"https:\/\/wynajem-autokarow.com\/de\/\",\"name\":\"Reisebusse Vermietung Polen - TOP TRAVEL\",\"isPartOf\":{\"@id\":\"https:\/\/wynajem-autokarow.com\/#website\"},\"primaryImageOfPage\":{\"@id\":\"https:\/\/wynajem-autokarow.com\/de\/#primaryimage\"},\"image\":{\"@id\":\"https:\/\/wynajem-autokarow.com\/de\/#primaryimage\"},\"thumbnailUrl\":\"https:\/\/wynajem-autokarow.com\/wp-content\/uploads\/2016\/05\/TT-Autokary-Warszawa.jpg\",\"datePublished\":\"2015-04-13T19:14:18+00:00\",\"dateModified\":\"2020-03-05T11:46:45+00:00\",\"description\":\"Reisebusse Vermietung Polen Warschau - TOP TRAVEL - Reisebusse Vermietung Warschau - Deutschland. Flughafentransfer Warschau.\",\"breadcrumb\":{\"@id\":\"https:\/\/wynajem-autokarow.com\/de\/#breadcrumb\"},\"inLanguage\":\"de\",\"potentialAction\":[{\"@type\":\"ReadAction\",\"target\":[\"https:\/\/wynajem-autokarow.com\/de\/\"]}]},{\"@type\":\"ImageObject\",\"inLanguage\":\"de\",\"@id\":\"https:\/\/wynajem-autokarow.com\/de\/#primaryimage\",\"url\":\"https:\/\/wynajem-autokarow.com\/wp-content\/uploads\/2016\/05\/TT-Autokary-Warszawa.jpg\",\"contentUrl\":\"https:\/\/wynajem-autokarow.com\/wp-content\/uploads\/2016\/05\/TT-Autokary-Warszawa.jpg\",\"width\":800,\"height\":598},{\"@type\":\"BreadcrumbList\",\"@id\":\"https:\/\/wynajem-autokarow.com\/de\/#breadcrumb\",\"itemListElement\":[{\"@type\":\"ListItem\",\"position\":1,\"name\":\"TOP TRAVEL Wynajem autokar\u00f3w Warszawa\",\"item\":\"https:\/\/wynajem-autokarow.com\/de\/\"},{\"@type\":\"ListItem\",\"position\":2,\"name\":\"Reisebusse Vermietung Polen\"}]},{\"@type\":\"WebSite\",\"@id\":\"https:\/\/wynajem-autokarow.com\/#website\",\"url\":\"https:\/\/wynajem-autokarow.com\/\",\"name\":\"TOP TRAVEL - Wynajem autokar\u00f3w Warszawa Polska Europa\",\"description\":\"TOP TRAVEL - Wynajem autokar\u00f3w Warszawa: Luksusowe Komfortowe Bezpieczne; Dla biznesu i os\u00f3b indywidualnych. Realizujemy przejazdy lokalne i d\u0142ugie trasy.\",\"potentialAction\":[{\"@type\":\"SearchAction\",\"target\":{\"@type\":\"EntryPoint\",\"urlTemplate\":\"https:\/\/wynajem-autokarow.com\/?s={search_term_string}\"},\"query-input\":{\"@type\":\"PropertyValueSpecification\",\"valueRequired\":true,\"valueName\":\"search_term_string\"}}],\"inLanguage\":\"de\"}]}<\/script>\n<!-- \/ Yoast SEO plugin. -->","yoast_head_json":{"title":"Reisebusse Vermietung Polen - TOP TRAVEL","description":"Reisebusse Vermietung Polen Warschau - TOP TRAVEL - Reisebusse Vermietung Warschau - Deutschland. Flughafentransfer Warschau.","robots":{"index":"index","follow":"follow","max-snippet":"max-snippet:-1","max-image-preview":"max-image-preview:large","max-video-preview":"max-video-preview:-1"},"canonical":"https:\/\/wynajem-autokarow.com\/de\/","og_locale":"de_DE","og_type":"article","og_title":"Reisebusse Vermietung Polen - TOP TRAVEL","og_description":"Reisebusse Vermietung Polen Warschau - TOP TRAVEL - Reisebusse Vermietung Warschau - Deutschland. Flughafentransfer Warschau.","og_url":"https:\/\/wynajem-autokarow.com\/de\/","og_site_name":"TOP TRAVEL - Wynajem autokar\u00f3w Warszawa Polska Europa","article_modified_time":"2020-03-05T11:46:45+00:00","og_image":[{"width":800,"height":598,"url":"https:\/\/wynajem-autokarow.com\/wp-content\/uploads\/2016\/05\/TT-Autokary-Warszawa.jpg","type":"image\/jpeg"}],"twitter_misc":{"Gesch\u00e4tzte Lesezeit":"7\u00a0Minuten"},"schema":{"@context":"https:\/\/schema.org","@graph":[{"@type":"WebPage","@id":"https:\/\/wynajem-autokarow.com\/de\/","url":"https:\/\/wynajem-autokarow.com\/de\/","name":"Reisebusse Vermietung Polen - TOP TRAVEL","isPartOf":{"@id":"https:\/\/wynajem-autokarow.com\/#website"},"primaryImageOfPage":{"@id":"https:\/\/wynajem-autokarow.com\/de\/#primaryimage"},"image":{"@id":"https:\/\/wynajem-autokarow.com\/de\/#primaryimage"},"thumbnailUrl":"https:\/\/wynajem-autokarow.com\/wp-content\/uploads\/2016\/05\/TT-Autokary-Warszawa.jpg","datePublished":"2015-04-13T19:14:18+00:00","dateModified":"2020-03-05T11:46:45+00:00","description":"Reisebusse Vermietung Polen Warschau - TOP TRAVEL - Reisebusse Vermietung Warschau - Deutschland. Flughafentransfer Warschau.","breadcrumb":{"@id":"https:\/\/wynajem-autokarow.com\/de\/#breadcrumb"},"inLanguage":"de","potentialAction":[{"@type":"ReadAction","target":["https:\/\/wynajem-autokarow.com\/de\/"]}]},{"@type":"ImageObject","inLanguage":"de","@id":"https:\/\/wynajem-autokarow.com\/de\/#primaryimage","url":"https:\/\/wynajem-autokarow.com\/wp-content\/uploads\/2016\/05\/TT-Autokary-Warszawa.jpg","contentUrl":"https:\/\/wynajem-autokarow.com\/wp-content\/uploads\/2016\/05\/TT-Autokary-Warszawa.jpg","width":800,"height":598},{"@type":"BreadcrumbList","@id":"https:\/\/wynajem-autokarow.com\/de\/#breadcrumb","itemListElement":[{"@type":"ListItem","position":1,"name":"TOP TRAVEL Wynajem autokar\u00f3w Warszawa","item":"https:\/\/wynajem-autokarow.com\/de\/"},{"@type":"ListItem","position":2,"name":"Reisebusse Vermietung Polen"}]},{"@type":"WebSite","@id":"https:\/\/wynajem-autokarow.com\/#website","url":"https:\/\/wynajem-autokarow.com\/","name":"TOP TRAVEL - Wynajem autokar\u00f3w Warszawa Polska Europa","description":"TOP TRAVEL - Wynajem autokar\u00f3w Warszawa: Luksusowe Komfortowe Bezpieczne; Dla biznesu i os\u00f3b indywidualnych. Realizujemy przejazdy lokalne i d\u0142ugie trasy.","potentialAction":[{"@type":"SearchAction","target":{"@type":"EntryPoint","urlTemplate":"https:\/\/wynajem-autokarow.com\/?s={search_term_string}"},"query-input":{"@type":"PropertyValueSpecification","valueRequired":true,"valueName":"search_term_string"}}],"inLanguage":"de"}]}},"_links":{"self":[{"href":"https:\/\/wynajem-autokarow.com\/de\/wp-json\/wp\/v2\/pages\/1782","targetHints":{"allow":["GET"]}}],"collection":[{"href":"https:\/\/wynajem-autokarow.com\/de\/wp-json\/wp\/v2\/pages"}],"about":[{"href":"https:\/\/wynajem-autokarow.com\/de\/wp-json\/wp\/v2\/types\/page"}],"author":[{"embeddable":true,"href":"https:\/\/wynajem-autokarow.com\/de\/wp-json\/wp\/v2\/users\/1"}],"replies":[{"embeddable":true,"href":"https:\/\/wynajem-autokarow.com\/de\/wp-json\/wp\/v2\/comments?post=1782"}],"version-history":[{"count":19,"href":"https:\/\/wynajem-autokarow.com\/de\/wp-json\/wp\/v2\/pages\/1782\/revisions"}],"predecessor-version":[{"id":2747,"href":"https:\/\/wynajem-autokarow.com\/de\/wp-json\/wp\/v2\/pages\/1782\/revisions\/2747"}],"wp:featuredmedia":[{"embeddable":true,"href":"https:\/\/wynajem-autokarow.com\/de\/wp-json\/wp\/v2\/media\/2473"}],"wp:attachment":[{"href":"https:\/\/wynajem-autokarow.com\/de\/wp-json\/wp\/v2\/media?parent=1782"}],"curies":[{"name":"wp","href":"https:\/\/api.w.org\/{rel}","templated":true}]}}